{"id":2890,"date":"2023-09-23T17:33:23","date_gmt":"2023-09-23T17:33:23","guid":{"rendered":"http:\/\/anselmofox.de\/?post_type=arbeiten&#038;p=2890"},"modified":"2025-12-27T16:08:31","modified_gmt":"2025-12-27T16:08:31","slug":"la-lingua-della-lingua","status":"publish","type":"arbeiten","link":"http:\/\/anselmofox.de\/en\/arbeiten\/la-lingua-della-lingua\/","title":{"rendered":"la lingua della lingua III"},"content":{"rendered":"<p class=\"has-text-align-justify\"><strong>La lingua della lingua<\/strong> Die hier umrissenen Unterschiede zwischen menschlichen und nichtmenschlichen Zungen treten besonders deutlich zutage, wenn man eine der Bildserien namens <em>la lingua della lingua<\/em> des in Berlin und Lugano arbeitenden K\u00fcnstlers Anselmo Fox betrachtet. &nbsp;Der italienische Titel lie\u00dfe sich wahlweise als \u203aDie Sprache der Zunge\u2039 oder \u203aDie Zunge der Sprache\u2039 oder \u203aDie Zunge der Zunge\u2039 oder \u203aDie Sprache der Sprache\u2039 \u00fcbersetzen: Verwirrungen und Verwechslungen sind also gewisserma\u00dfen vorprogrammiert.<\/p>\n\n\n\n<p class=\"has-text-align-justify\">Auch die in diesen Serien portraitierten Menschen scheinen etwas verwechselt zu haben. Sie sind nach Art eines kriminalpolizeilichen Fahndungskatalogs jeweils zweimal abgebildet, einmal frontal von vorn, einmal um 90 Grad gedreht von der Seite, vor neutralem Hintergrund, was den Fotos einen n\u00fcchtern-sachlichen, ja b\u00fcrokratischen Charakter verleiht. Konterkariert wird diese formale Spr\u00f6digkeit aber durch eine nicht zu ignorierende anatomische Besonderheit, Kennzeichen Z: Alle Portraitierten haben eine artfremde Zunge im Mund. Einem Mann h\u00e4ngt der wulstige Muskellappen einer Giraffe aus dem Mund. Eine Frau pr\u00e4sentiert, als w\u00e4re dies die selbstverst\u00e4ndlichste Sache der Welt, die Zunge eines Flamingos. Auf weiteren Bildern sind die Zungen von K\u00f6nigsfisch, Python, Leopard und Schaf zu sehen, und zwar immer so, als handelte es sich um den ureigensten K\u00f6rperteil des fotografierten Menschen: Die Zungenwurzel befindet sich unsichtbar in der Mundh\u00f6hle; der Zungenk\u00f6rper lappt mittig \u00fcber die Lippen, mal als ausladender Fleischteppich, mal als dezenter Zipfel.<\/p>\n\n\n\n<figure class=\"wp-block-image size-large is-resized\"><img decoding=\"async\" loading=\"lazy\" src=\"http:\/\/anselmofox.de\/wp-content\/uploads\/2025\/12\/FOX_alejandra_flamingo_DMH00028-1-731x1024.jpg\" alt=\"\" class=\"wp-image-3881\" width=\"827\" height=\"1158\" srcset=\"http:\/\/anselmofox.de\/wp-content\/uploads\/2025\/12\/FOX_alejandra_flamingo_DMH00028-1-731x1024.jpg 731w, http:\/\/anselmofox.de\/wp-content\/uploads\/2025\/12\/FOX_alejandra_flamingo_DMH00028-1-214x300.jpg 214w, http:\/\/anselmofox.de\/wp-content\/uploads\/2025\/12\/FOX_alejandra_flamingo_DMH00028-1-768x1075.jpg 768w, http:\/\/anselmofox.de\/wp-content\/uploads\/2025\/12\/FOX_alejandra_flamingo_DMH00028-1-9x12.jpg 9w, http:\/\/anselmofox.de\/wp-content\/uploads\/2025\/12\/FOX_alejandra_flamingo_DMH00028-1.jpg 857w\" sizes=\"(max-width: 827px) 100vw, 827px\" \/><figcaption class=\"wp-element-caption translation-block\"><em><strong>la lingua della lingua III<\/strong><\/em>  (Flamingo), front portrait, Anselmo Fox, 2020, 36.4 x 26 cm, C-print, from the 14-part series.<\/figcaption><\/figure>\n\n\n\n<figure class=\"wp-block-image size-large is-resized\"><img decoding=\"async\" loading=\"lazy\" src=\"http:\/\/anselmofox.de\/wp-content\/uploads\/2025\/12\/FOX_alejandra_flamingo_DMH00038-1-731x1024.jpg\" alt=\"\" class=\"wp-image-3884\" width=\"826\" height=\"1157\" srcset=\"http:\/\/anselmofox.de\/wp-content\/uploads\/2025\/12\/FOX_alejandra_flamingo_DMH00038-1-731x1024.jpg 731w, http:\/\/anselmofox.de\/wp-content\/uploads\/2025\/12\/FOX_alejandra_flamingo_DMH00038-1-214x300.jpg 214w, http:\/\/anselmofox.de\/wp-content\/uploads\/2025\/12\/FOX_alejandra_flamingo_DMH00038-1-768x1075.jpg 768w, http:\/\/anselmofox.de\/wp-content\/uploads\/2025\/12\/FOX_alejandra_flamingo_DMH00038-1-9x12.jpg 9w, http:\/\/anselmofox.de\/wp-content\/uploads\/2025\/12\/FOX_alejandra_flamingo_DMH00038-1.jpg 857w\" sizes=\"(max-width: 826px) 100vw, 826px\" \/><figcaption class=\"wp-element-caption translation-block\"><em><strong>la lingua della lingua III<\/strong><\/em> (Flamingo), side portrait,  Anselmo Fox, 2020, 36.4 x 26 cm, C-print, 14-part series.<\/figcaption><\/figure>\n\n\n\n<p class=\"has-text-align-justify\">Das formale Framing \u2013 Verbrecherkartei \u2013 sowie der mal ausdruckslos, mal resigniert wirkende Blick der Portraitierten legen nahe, dass es sich bei der fremden Zunge im Mund um eine bizarre Form der Bestrafung handeln k\u00f6nnte. <em>Was, du hast die Schnauze zu weit aufgerissen? Oder hast mit gespaltener Zunge gesprochen? Na gut, dann stopfen wir dir eben das Maul \u2013 und zwar mit ebenjenem Organ, mit dem du dich schuldig gemacht hast<\/em>. Die Tierzunge als Knebel. Oder wurde den Dargestellten die eigene Zunge entfernt und durch den tierischen K\u00f6rperteil ersetzt? Haben sie eine einzige <em>lingua<\/em> im Mund oder zwei? Wie viele Zungen passen in einen Kopf?<\/p>\n\n\n\n<figure class=\"wp-block-image size-large is-resized\"><img decoding=\"async\" loading=\"lazy\" src=\"http:\/\/anselmofox.de\/wp-content\/uploads\/2025\/12\/FOX_diego_baer_DMH00017-1-731x1024.jpg\" alt=\"\" class=\"wp-image-3885\" width=\"825\" height=\"1156\" srcset=\"http:\/\/anselmofox.de\/wp-content\/uploads\/2025\/12\/FOX_diego_baer_DMH00017-1-731x1024.jpg 731w, http:\/\/anselmofox.de\/wp-content\/uploads\/2025\/12\/FOX_diego_baer_DMH00017-1-214x300.jpg 214w, http:\/\/anselmofox.de\/wp-content\/uploads\/2025\/12\/FOX_diego_baer_DMH00017-1-768x1075.jpg 768w, http:\/\/anselmofox.de\/wp-content\/uploads\/2025\/12\/FOX_diego_baer_DMH00017-1-9x12.jpg 9w, http:\/\/anselmofox.de\/wp-content\/uploads\/2025\/12\/FOX_diego_baer_DMH00017-1.jpg 857w\" sizes=\"(max-width: 825px) 100vw, 825px\" \/><figcaption class=\"wp-element-caption translation-block\"><em><strong>la lingua della lingua III<\/strong><\/em>(Bear), Anselmo Fox, side portrait, 2020, 36.4 x 26 cm, C-print, 14-part series<\/figcaption><\/figure>\n\n\n\n<figure class=\"wp-block-image size-large is-resized\"><img decoding=\"async\" loading=\"lazy\" src=\"http:\/\/anselmofox.de\/wp-content\/uploads\/2025\/12\/FOX_diego_baer_DMH00042-1-731x1024.jpg\" alt=\"\" class=\"wp-image-3887\" width=\"826\" height=\"1157\" srcset=\"http:\/\/anselmofox.de\/wp-content\/uploads\/2025\/12\/FOX_diego_baer_DMH00042-1-731x1024.jpg 731w, http:\/\/anselmofox.de\/wp-content\/uploads\/2025\/12\/FOX_diego_baer_DMH00042-1-214x300.jpg 214w, http:\/\/anselmofox.de\/wp-content\/uploads\/2025\/12\/FOX_diego_baer_DMH00042-1-768x1075.jpg 768w, http:\/\/anselmofox.de\/wp-content\/uploads\/2025\/12\/FOX_diego_baer_DMH00042-1-9x12.jpg 9w, http:\/\/anselmofox.de\/wp-content\/uploads\/2025\/12\/FOX_diego_baer_DMH00042-1.jpg 857w\" sizes=\"(max-width: 826px) 100vw, 826px\" \/><figcaption class=\"wp-element-caption translation-block\"><em><strong>la lingua della lingua III<\/strong><\/em>(Bear), Anselmo Fox, side portrait, 2020, 36.4 x 26 cm, C-print, 14-part series<\/figcaption><\/figure>\n\n\n\n<p class=\"has-text-align-justify\">Offene Fragen \u00fcber offene Fragen, nur eines ist klar: Sprechen k\u00f6nnen die Portraitierten, ob sie nun verst\u00fcmmelt sind oder \u203anur\u2039 mit fremder Zunge geknebelt, sicher nicht mehr. Die Karteileichen von Anselmo Fox sind der ureigensten F\u00e4higkeit und Funktion der menschlichen Zunge beraubt worden: Mit der Zunge eines Kalbs oder Kingfishs im Mund kann man keine W\u00f6rter artikulieren, und sei das Organ noch so fachmenschlich transplantiert worden. \u203aDie Zunge der Sprache\u2039? Zumindest diese \u00dcbersetzungsm\u00f6glichkeit f\u00fcr den Titel kann man getrost ausschlie\u00dfen.<\/p>\n\n\n\n<p class=\"has-text-align-justify\"><strong>Mahlzeit!<\/strong> Zu guter Letzt l\u00f6sen die Fotos von La lingua della lingua, auch das l\u00e4sst sich wohl verbindlich sagen, ein gewisses Ekelempfinden aus, oder wie es der Kulturtheoretiker Hartmut B\u00f6hme formuliert: ein Gef\u00fchl der \u00bbWidrigkeit\u00ab. Dieses Gef\u00fchl entstehe vor allem durch die \u00bbGattungskreuzung, durch die Ber\u00fchrung zweier ebenso verwandter wie fremder, jedenfalls intimer Schleimh\u00e4ute und schlie\u00dflich durch die Begegnung von Lebendigem und Totem. Vegetarier wird es w\u00fcrgen; (\u2026) in jedem Falle liegt die Assoziation an die Perversionen des Tier- Essens nahe\u00ab.<\/p>\n\n\n\n<p class=\"has-text-align-justify\">Nicht nur Vegetarier, ist man versucht hinzuzuf\u00fcgen: Unwillk\u00fcrlich versetzt man sich als Betrachter in die Portraitierten hinein, imaginiert den Geschmack von rohem Muskelfleisch im Mund, die Textur und Temperatur eines erkalteten, papillenbesetzten Organs, stellt sich das so unwillk\u00fcrliche wie unvermeidliche Zusammentreffen der eigenen Zungenspitze mit der abgeschnittenen Zungenwurzel eines anderen Wesens vor. Das Wissen, dass der K\u00fcnstler die Zungenpr\u00e4parate vor dem In-den-Mund-Nehmen mit Grappa impr\u00e4gnierte, lindert dieses Gef\u00fchl der Widrigkeit nur wenig.<br><br>Mit freundlicher Genehmigung<br>Florian Werner, Die Zunge. Ein Portrait<br>\u00a9 2023 Hanser Berlin in der Carl Hanser Verlag GmbH &amp; Co. KG, M\u00fcnchen<br><\/p>\n\n\n\n<figure class=\"wp-block-image size-large is-resized\"><img decoding=\"async\" loading=\"lazy\" src=\"http:\/\/anselmofox.de\/wp-content\/uploads\/2025\/12\/FOX_olga_busshard_DSC1576-1-731x1024.jpg\" alt=\"\" class=\"wp-image-3889\" width=\"825\" height=\"1156\" srcset=\"http:\/\/anselmofox.de\/wp-content\/uploads\/2025\/12\/FOX_olga_busshard_DSC1576-1-731x1024.jpg 731w, http:\/\/anselmofox.de\/wp-content\/uploads\/2025\/12\/FOX_olga_busshard_DSC1576-1-214x300.jpg 214w, http:\/\/anselmofox.de\/wp-content\/uploads\/2025\/12\/FOX_olga_busshard_DSC1576-1-768x1075.jpg 768w, http:\/\/anselmofox.de\/wp-content\/uploads\/2025\/12\/FOX_olga_busshard_DSC1576-1-9x12.jpg 9w, http:\/\/anselmofox.de\/wp-content\/uploads\/2025\/12\/FOX_olga_busshard_DSC1576-1.jpg 857w\" sizes=\"(max-width: 825px) 100vw, 825px\" \/><figcaption class=\"wp-element-caption\"><strong><em>la lingua della lingua<\/em><\/strong> <strong><em>III<\/em> <\/strong>(Bussard), Portr\u00e4t frontal, 2020, 36,4 x 26 cm, C-Print, 14-teilige Serie.<\/figcaption><\/figure>\n\n\n\n<figure class=\"wp-block-image size-large is-resized\"><img decoding=\"async\" loading=\"lazy\" src=\"http:\/\/anselmofox.de\/wp-content\/uploads\/2025\/12\/FOX_olga_busshard_DSC1548-1-731x1024.jpg\" alt=\"\" class=\"wp-image-3890\" width=\"825\" height=\"1156\" srcset=\"http:\/\/anselmofox.de\/wp-content\/uploads\/2025\/12\/FOX_olga_busshard_DSC1548-1-731x1024.jpg 731w, http:\/\/anselmofox.de\/wp-content\/uploads\/2025\/12\/FOX_olga_busshard_DSC1548-1-214x300.jpg 214w, http:\/\/anselmofox.de\/wp-content\/uploads\/2025\/12\/FOX_olga_busshard_DSC1548-1-768x1075.jpg 768w, http:\/\/anselmofox.de\/wp-content\/uploads\/2025\/12\/FOX_olga_busshard_DSC1548-1-9x12.jpg 9w, http:\/\/anselmofox.de\/wp-content\/uploads\/2025\/12\/FOX_olga_busshard_DSC1548-1.jpg 857w\" sizes=\"(max-width: 825px) 100vw, 825px\" \/><figcaption class=\"wp-element-caption translation-block\"><em><strong>la lingua della lingua III<\/strong><\/em> (Buzzard), side portrait, Anselmo Fox, 2020, 36.4 x 26 cm, C-print, 14-part series.<\/figcaption><\/figure>\n\n\n\n<figure class=\"wp-block-image size-large is-resized\"><img decoding=\"async\" loading=\"lazy\" src=\"http:\/\/anselmofox.de\/wp-content\/uploads\/2025\/12\/FOX_bjoern_schaf_DSC1386-1-731x1024.jpg\" alt=\"\" class=\"wp-image-3892\" width=\"825\" height=\"1156\" srcset=\"http:\/\/anselmofox.de\/wp-content\/uploads\/2025\/12\/FOX_bjoern_schaf_DSC1386-1-731x1024.jpg 731w, http:\/\/anselmofox.de\/wp-content\/uploads\/2025\/12\/FOX_bjoern_schaf_DSC1386-1-214x300.jpg 214w, http:\/\/anselmofox.de\/wp-content\/uploads\/2025\/12\/FOX_bjoern_schaf_DSC1386-1-768x1075.jpg 768w, http:\/\/anselmofox.de\/wp-content\/uploads\/2025\/12\/FOX_bjoern_schaf_DSC1386-1-9x12.jpg 9w, http:\/\/anselmofox.de\/wp-content\/uploads\/2025\/12\/FOX_bjoern_schaf_DSC1386-1.jpg 857w\" sizes=\"(max-width: 825px) 100vw, 825px\" \/><figcaption class=\"wp-element-caption translation-block\"><em><strong>la lingua della lingua III<\/strong><\/em>  (Karatau wild sheep or Marco Polo sheep), front portrait, Anselmo Fox, 2020, 36.4 x 26 cm, C-print, from the 14-part series.<\/figcaption><\/figure>\n\n\n\n<figure class=\"wp-block-image size-large is-resized\"><img decoding=\"async\" loading=\"lazy\" src=\"http:\/\/anselmofox.de\/wp-content\/uploads\/2025\/12\/FOX_bjoern_schaf_DSC1394-1-731x1024.jpg\" alt=\"\" class=\"wp-image-3893\" width=\"827\" height=\"1158\" srcset=\"http:\/\/anselmofox.de\/wp-content\/uploads\/2025\/12\/FOX_bjoern_schaf_DSC1394-1-731x1024.jpg 731w, http:\/\/anselmofox.de\/wp-content\/uploads\/2025\/12\/FOX_bjoern_schaf_DSC1394-1-214x300.jpg 214w, http:\/\/anselmofox.de\/wp-content\/uploads\/2025\/12\/FOX_bjoern_schaf_DSC1394-1-768x1075.jpg 768w, http:\/\/anselmofox.de\/wp-content\/uploads\/2025\/12\/FOX_bjoern_schaf_DSC1394-1-9x12.jpg 9w, http:\/\/anselmofox.de\/wp-content\/uploads\/2025\/12\/FOX_bjoern_schaf_DSC1394-1.jpg 857w\" sizes=\"(max-width: 827px) 100vw, 827px\" \/><figcaption class=\"wp-element-caption translation-block\"><em><strong>la lingua della lingua III<\/strong><\/em> (Karatau wild sheep or Marco Polo sheep), side portrait, Anselmo Fox, 2020, 36.4 x 26 cm, C-print, 14-part series.<\/figcaption><\/figure>\n\n\n\n<figure class=\"wp-block-image size-large is-resized\"><img decoding=\"async\" loading=\"lazy\" src=\"http:\/\/anselmofox.de\/wp-content\/uploads\/2025\/12\/FOX_camille__DSC1347-1-731x1024.jpg\" alt=\"\" class=\"wp-image-3894\" width=\"825\" height=\"1156\" srcset=\"http:\/\/anselmofox.de\/wp-content\/uploads\/2025\/12\/FOX_camille__DSC1347-1-731x1024.jpg 731w, http:\/\/anselmofox.de\/wp-content\/uploads\/2025\/12\/FOX_camille__DSC1347-1-214x300.jpg 214w, http:\/\/anselmofox.de\/wp-content\/uploads\/2025\/12\/FOX_camille__DSC1347-1-768x1075.jpg 768w, http:\/\/anselmofox.de\/wp-content\/uploads\/2025\/12\/FOX_camille__DSC1347-1-9x12.jpg 9w, http:\/\/anselmofox.de\/wp-content\/uploads\/2025\/12\/FOX_camille__DSC1347-1.jpg 857w\" sizes=\"(max-width: 825px) 100vw, 825px\" \/><figcaption class=\"wp-element-caption translation-block\"><em><strong>la lingua della lingua III<\/strong><\/em>  (Kingfish), front portrait, Anselmo Fox, 2020, 36.4 x 26 cm, C-print, from the 14-part series.<\/figcaption><\/figure>\n\n\n\n<figure class=\"wp-block-image size-large is-resized\"><img decoding=\"async\" loading=\"lazy\" src=\"http:\/\/anselmofox.de\/wp-content\/uploads\/2025\/12\/FOX_camille_DSC1348-1-731x1024.jpg\" alt=\"\" class=\"wp-image-3896\" width=\"826\" height=\"1157\" srcset=\"http:\/\/anselmofox.de\/wp-content\/uploads\/2025\/12\/FOX_camille_DSC1348-1-731x1024.jpg 731w, http:\/\/anselmofox.de\/wp-content\/uploads\/2025\/12\/FOX_camille_DSC1348-1-214x300.jpg 214w, http:\/\/anselmofox.de\/wp-content\/uploads\/2025\/12\/FOX_camille_DSC1348-1-768x1075.jpg 768w, http:\/\/anselmofox.de\/wp-content\/uploads\/2025\/12\/FOX_camille_DSC1348-1-9x12.jpg 9w, http:\/\/anselmofox.de\/wp-content\/uploads\/2025\/12\/FOX_camille_DSC1348-1.jpg 857w\" sizes=\"(max-width: 826px) 100vw, 826px\" \/><figcaption class=\"wp-element-caption translation-block\"><em><strong>la lingua della lingua III<\/strong><\/em>  (Kingfish), side portrait, Anselmo Fox, 2020, 36.4 x 26 cm, C-print, from the 14-part series.<\/figcaption><\/figure>\n\n\n\n<figure class=\"wp-block-image size-large is-resized\"><img decoding=\"async\" loading=\"lazy\" src=\"http:\/\/anselmofox.de\/wp-content\/uploads\/2025\/12\/FOX_roy_rind_DSC1415-1-731x1024.jpg\" alt=\"\" class=\"wp-image-3898\" width=\"826\" height=\"1157\" srcset=\"http:\/\/anselmofox.de\/wp-content\/uploads\/2025\/12\/FOX_roy_rind_DSC1415-1-731x1024.jpg 731w, http:\/\/anselmofox.de\/wp-content\/uploads\/2025\/12\/FOX_roy_rind_DSC1415-1-214x300.jpg 214w, http:\/\/anselmofox.de\/wp-content\/uploads\/2025\/12\/FOX_roy_rind_DSC1415-1-768x1075.jpg 768w, http:\/\/anselmofox.de\/wp-content\/uploads\/2025\/12\/FOX_roy_rind_DSC1415-1-9x12.jpg 9w, http:\/\/anselmofox.de\/wp-content\/uploads\/2025\/12\/FOX_roy_rind_DSC1415-1.jpg 857w\" sizes=\"(max-width: 826px) 100vw, 826px\" \/><figcaption class=\"wp-element-caption translation-block\"><em><strong>la lingua della lingua III<\/strong><\/em> (Beef), front portrait, Anselmo Fox, 2020, 36.4 x 26 cm, C-print, 14-part series.<\/figcaption><\/figure>\n\n\n\n<figure class=\"wp-block-image size-large is-resized\"><img decoding=\"async\" loading=\"lazy\" src=\"http:\/\/anselmofox.de\/wp-content\/uploads\/2025\/12\/FOX_roy_rind_DSC1434-1-731x1024.jpg\" alt=\"\" class=\"wp-image-3900\" width=\"827\" height=\"1158\" srcset=\"http:\/\/anselmofox.de\/wp-content\/uploads\/2025\/12\/FOX_roy_rind_DSC1434-1-731x1024.jpg 731w, http:\/\/anselmofox.de\/wp-content\/uploads\/2025\/12\/FOX_roy_rind_DSC1434-1-214x300.jpg 214w, http:\/\/anselmofox.de\/wp-content\/uploads\/2025\/12\/FOX_roy_rind_DSC1434-1-768x1075.jpg 768w, http:\/\/anselmofox.de\/wp-content\/uploads\/2025\/12\/FOX_roy_rind_DSC1434-1-9x12.jpg 9w, http:\/\/anselmofox.de\/wp-content\/uploads\/2025\/12\/FOX_roy_rind_DSC1434-1.jpg 857w\" sizes=\"(max-width: 827px) 100vw, 827px\" \/><figcaption class=\"wp-element-caption translation-block\"><em><strong>la lingua della lingua III<\/strong><\/em> (Beef), side portrait, Anselmo Fox, 2020, 36.4 x 26 cm, C-print, 14-part series.<\/figcaption><\/figure>\n\n\n\n<figure class=\"wp-block-image size-large is-resized\"><img decoding=\"async\" loading=\"lazy\" src=\"http:\/\/anselmofox.de\/wp-content\/uploads\/2025\/12\/FOX_bettina_luchs_DSC1481-1-731x1024.jpg\" alt=\"\" class=\"wp-image-3902\" width=\"826\" height=\"1157\" srcset=\"http:\/\/anselmofox.de\/wp-content\/uploads\/2025\/12\/FOX_bettina_luchs_DSC1481-1-731x1024.jpg 731w, http:\/\/anselmofox.de\/wp-content\/uploads\/2025\/12\/FOX_bettina_luchs_DSC1481-1-214x300.jpg 214w, http:\/\/anselmofox.de\/wp-content\/uploads\/2025\/12\/FOX_bettina_luchs_DSC1481-1-768x1075.jpg 768w, http:\/\/anselmofox.de\/wp-content\/uploads\/2025\/12\/FOX_bettina_luchs_DSC1481-1-9x12.jpg 9w, http:\/\/anselmofox.de\/wp-content\/uploads\/2025\/12\/FOX_bettina_luchs_DSC1481-1.jpg 857w\" sizes=\"(max-width: 826px) 100vw, 826px\" \/><figcaption class=\"wp-element-caption translation-block\"><em><strong>la lingua della lingua III<\/strong><\/em> (Lynx), front portrait, Anselmo Fox, 2020, 36.4 x 26 cm, C-print, 14-part series.<\/figcaption><\/figure>\n\n\n\n<figure class=\"wp-block-image size-large is-resized\"><img decoding=\"async\" loading=\"lazy\" src=\"http:\/\/anselmofox.de\/wp-content\/uploads\/2025\/12\/FOX_bettina_luchs_DSC1483-1-731x1024.jpg\" alt=\"\" class=\"wp-image-3905\" width=\"826\" height=\"1157\" srcset=\"http:\/\/anselmofox.de\/wp-content\/uploads\/2025\/12\/FOX_bettina_luchs_DSC1483-1-731x1024.jpg 731w, http:\/\/anselmofox.de\/wp-content\/uploads\/2025\/12\/FOX_bettina_luchs_DSC1483-1-214x300.jpg 214w, http:\/\/anselmofox.de\/wp-content\/uploads\/2025\/12\/FOX_bettina_luchs_DSC1483-1-768x1075.jpg 768w, http:\/\/anselmofox.de\/wp-content\/uploads\/2025\/12\/FOX_bettina_luchs_DSC1483-1-9x12.jpg 9w, http:\/\/anselmofox.de\/wp-content\/uploads\/2025\/12\/FOX_bettina_luchs_DSC1483-1.jpg 857w\" sizes=\"(max-width: 826px) 100vw, 826px\" \/><figcaption class=\"wp-element-caption translation-block\"><em><strong>la lingua della lingua III<\/strong><\/em> (Lynx), side portrait, Anselmo Fox, 2020, 36.4 x 26 cm, C-print, 14-part series.<\/figcaption><\/figure>","protected":false},"excerpt":{"rendered":"<p>La lingua della lingua Die hier umrissenen Unterschiede zwischen menschlichen und nichtmenschlichen Zungen treten besonders deutlich zutage, wenn man eine der Bildserien namens la lingua della lingua des in Berlin und Lugano arbeitenden K\u00fcnstlers Anselmo Fox betrachtet. &nbsp;Der italienische Titel lie\u00dfe sich wahlweise als \u203aDie Sprache der Zunge\u2039 oder \u203aDie Zunge der Sprache\u2039 oder \u203aDie [&hellip;]<\/p>\n","protected":false},"featured_media":0,"template":"","meta":{"_editorskit_title_hidden":false,"_editorskit_reading_time":0,"_editorskit_is_block_options_detached":false,"_editorskit_block_options_position":"{}"},"_links":{"self":[{"href":"http:\/\/anselmofox.de\/en\/wp-json\/wp\/v2\/arbeiten\/2890"}],"collection":[{"href":"http:\/\/anselmofox.de\/en\/wp-json\/wp\/v2\/arbeiten"}],"about":[{"href":"http:\/\/anselmofox.de\/en\/wp-json\/wp\/v2\/types\/arbeiten"}],"wp:attachment":[{"href":"http:\/\/anselmofox.de\/en\/wp-json\/wp\/v2\/media?parent=2890"}],"curies":[{"name":"wp","href":"https:\/\/api.w.org\/{rel}","templated":true}]}}